{"id":397,"date":"2019-06-30T18:33:10","date_gmt":"2019-06-30T18:33:10","guid":{"rendered":"https:\/\/soziales-loerrach.de\/?page_id=397"},"modified":"2019-06-30T18:33:10","modified_gmt":"2019-06-30T18:33:10","slug":"buergerbeteiligung-und-engagement","status":"publish","type":"page","link":"https:\/\/soziales-loerrach.de\/index.php\/programme\/programm-2019-kreis-loerrach\/buergerbeteiligung-und-engagement\/","title":{"rendered":"B\u00fcrgerbeteiligung und -engagement"},"content":{"rendered":"<p>Trotz einer angeblich b\u00fcrgerbeteiligungsfreundlichen Landesregierung ist Baden-W\u00fcrttemberg eines der wenigen Bundesl\u00e4ndern, in denen formelle <strong>B\u00fcrgerbeteiligung auf Kreisebene<\/strong> (noch) nicht m\u00f6glich ist.<\/p>\n<p>Unabh\u00e4ngig vom Ausgang des vom Verein Mehr Demokratie e.V. gestarteten Volksbegehrens f\u00fcr Volksentscheide auf Landkreisebene setzt sich <strong>LINKE UND SOZIALE<\/strong> Politik daf\u00fcr ein, dass B\u00fcrger auf allen Ebenen in wichtigen Sachfragen mitentscheiden und abstimmen k\u00f6nnen.<\/p>\n<p><strong>LINKE UND SOZIALE<\/strong> Politik wird sich im Kreistag daf\u00fcr engagieren, dass Kreispolitik besser kommuniziert wird und dass B\u00fcrger besser eingebunden und rechtzeitig angeh\u00f6rt werden.<\/p>\n<p>Dabei sch\u00e4tzt und f\u00f6rdert <strong>LINKE UND SOZIALE<\/strong> Politik das <strong>ehrenamtliche Engagement<\/strong> der B\u00fcrger, sei es in Vereinen, in der Politik, in der Feuerwehr, im Katastrophen-, Umwelt- und Naturschutz, in der F\u00f6rderung von Kindern und Jugendlichen in Sportvereinen und Musikvereinen, \u00a0in der Unterst\u00fctzung von hilfsbed\u00fcrftigen Menschen durch die ehrenamtliche Mitarbeit in caritativen Organisationen etc.<\/p>\n<p><strong>LINKE UND SOZIALE<\/strong> Politik wird sich im Kreistag daf\u00fcr einsetzen, dass ehrenamtlich t\u00e4tige Menschen und gemeinn\u00fctzige Organisationen bestm\u00f6glich gef\u00f6rdert werden, dass f\u00fcr sie Schulungs- und Unterst\u00fctzungsangebote bereitgestellt und finanziert werden und dass sie bei Bedarf auf finanzielle Unterst\u00fctzung durch den Landkreis z\u00e4hlen k\u00f6nnen.<\/p>\n","protected":false},"excerpt":{"rendered":"<p>Trotz einer angeblich b\u00fcrgerbeteiligungsfreundlichen Landesregierung ist Baden-W\u00fcrttemberg eines der wenigen Bundesl\u00e4ndern, in denen formelle B\u00fcrgerbeteiligung auf Kreisebene (noch) nicht m\u00f6glich ist. Unabh\u00e4ngig vom Ausgang des vom Verein Mehr Demokratie e.V. gestarteten Volksbegehrens f\u00fcr Volksentscheide auf Landkreisebene setzt sich LINKE UND SOZIALE Politik daf\u00fcr ein, dass B\u00fcrger auf allen Ebenen in wichtigen Sachfragen mitentscheiden und abstimmen &hellip; <a href=\"https:\/\/soziales-loerrach.de\/index.php\/programme\/programm-2019-kreis-loerrach\/buergerbeteiligung-und-engagement\/\" class=\"more-link\"><span class=\"screen-reader-text\">\u201eB\u00fcrgerbeteiligung und -engagement\u201c<\/span> weiterlesen<\/a><\/p>\n","protected":false},"author":1,"featured_media":0,"parent":392,"menu_order":0,"comment_status":"closed","ping_status":"closed","template":"","meta":[],"_links":{"self":[{"href":"https:\/\/soziales-loerrach.de\/index.php\/wp-json\/wp\/v2\/pages\/397"}],"collection":[{"href":"https:\/\/soziales-loerrach.de\/index.php\/wp-json\/wp\/v2\/pages"}],"about":[{"href":"https:\/\/soziales-loerrach.de\/index.php\/wp-json\/wp\/v2\/types\/page"}],"author":[{"embeddable":true,"href":"https:\/\/soziales-loerrach.de\/index.php\/wp-json\/wp\/v2\/users\/1"}],"replies":[{"embeddable":true,"href":"https:\/\/soziales-loerrach.de\/index.php\/wp-json\/wp\/v2\/comments?post=397"}],"version-history":[{"count":1,"href":"https:\/\/soziales-loerrach.de\/index.php\/wp-json\/wp\/v2\/pages\/397\/revisions"}],"predecessor-version":[{"id":398,"href":"https:\/\/soziales-loerrach.de\/index.php\/wp-json\/wp\/v2\/pages\/397\/revisions\/398"}],"up":[{"embeddable":true,"href":"https:\/\/soziales-loerrach.de\/index.php\/wp-json\/wp\/v2\/pages\/392"}],"wp:attachment":[{"href":"https:\/\/soziales-loerrach.de\/index.php\/wp-json\/wp\/v2\/media?parent=397"}],"curies":[{"name":"wp","href":"https:\/\/api.w.org\/{rel}","templated":true}]}}